{"id":646,"date":"2024-03-15T15:19:50","date_gmt":"2024-03-15T14:19:50","guid":{"rendered":"https:\/\/dev.ihrname.be\/www.levalet.be?page_id=646"},"modified":"2025-10-28T17:17:33","modified_gmt":"2025-10-28T16:17:33","slug":"produkte","status":"publish","type":"page","link":"https:\/\/levalet.be\/de\/produkte\/","title":{"rendered":"Produkte"},"content":{"rendered":"\t\t<div data-elementor-type=\"wp-page\" data-elementor-id=\"646\" class=\"elementor elementor-646\">\n\t\t\t\t\t\t<section class=\"elementor-section elementor-top-section elementor-element elementor-element-0bbf852 elementor-section-full_width elementor-section-height-default elementor-section-height-default parallax_section_no qode_elementor_container_no qode-content-aligment-left\" data-id=\"0bbf852\" data-element_type=\"section\">\n\t\t\t\t\t\t<div class=\"elementor-container elementor-column-gap-default\">\n\t\t\t\t\t<div class=\"elementor-column elementor-col-100 elementor-top-column elementor-element elementor-element-afc85fa\" data-id=\"afc85fa\" data-element_type=\"column\">\n\t\t\t<div class=\"elementor-widget-wrap\">\n\t\t\t\t\t\t\t<\/div>\n\t\t<\/div>\n\t\t\t\t\t<\/div>\n\t\t<\/section>\n\t\t\t\t<section class=\"elementor-section elementor-top-section elementor-element elementor-element-d150fb8 elementor-section-boxed elementor-section-height-default elementor-section-height-default parallax_section_no qode_elementor_container_no qode-content-aligment-left\" data-id=\"d150fb8\" data-element_type=\"section\">\n\t\t\t\t\t\t<div class=\"elementor-container elementor-column-gap-default\">\n\t\t\t\t\t<div class=\"elementor-column elementor-col-100 elementor-top-column elementor-element elementor-element-15e6b42\" data-id=\"15e6b42\" data-element_type=\"column\">\n\t\t\t<div class=\"elementor-widget-wrap elementor-element-populated\">\n\t\t\t\t\t\t<div class=\"elementor-element elementor-element-8416568 elementor-widget elementor-widget-heading\" data-id=\"8416568\" data-element_type=\"widget\" data-widget_type=\"heading.default\">\n\t\t\t\t<div class=\"elementor-widget-container\">\n\t\t\t<style>\/*! elementor - v3.20.0 - 26-03-2024 *\/\n.elementor-heading-title{padding:0;margin:0;line-height:1}.elementor-widget-heading .elementor-heading-title[class*=elementor-size-]>a{color:inherit;font-size:inherit;line-height:inherit}.elementor-widget-heading .elementor-heading-title.elementor-size-small{font-size:15px}.elementor-widget-heading .elementor-heading-title.elementor-size-medium{font-size:19px}.elementor-widget-heading .elementor-heading-title.elementor-size-large{font-size:29px}.elementor-widget-heading .elementor-heading-title.elementor-size-xl{font-size:39px}.elementor-widget-heading .elementor-heading-title.elementor-size-xxl{font-size:59px}<\/style><h2 class=\"elementor-heading-title elementor-size-default\">Wir verarbeiten vor allem rohe Kuhmilch zu Halbhart- und Hartk\u00e4se.<br><br>\nDer K\u00e4se ist je nach Jahreszeit und Verf\u00fcgbarkeit in verschiedenen Reifegraden erh\u00e4ltlich.\nGepflegt in unserem Natursteinkeller, lassen sie sich von unserer Kreativit\u00e4t verf\u00fchren!\n\n\n<\/h2>\t\t<\/div>\n\t\t\t\t<\/div>\n\t\t\t\t\t<\/div>\n\t\t<\/div>\n\t\t\t\t\t<\/div>\n\t\t<\/section>\n\t\t\t\t<section class=\"elementor-section elementor-top-section elementor-element elementor-element-5fc27f5 elementor-section-boxed elementor-section-height-default elementor-section-height-default parallax_section_no qode_elementor_container_no qode-content-aligment-left\" data-id=\"5fc27f5\" data-element_type=\"section\">\n\t\t\t\t\t\t<div class=\"elementor-container elementor-column-gap-default\">\n\t\t\t\t\t<div class=\"elementor-column elementor-col-25 elementor-top-column elementor-element elementor-element-300ea92\" data-id=\"300ea92\" data-element_type=\"column\">\n\t\t\t<div class=\"elementor-widget-wrap elementor-element-populated\">\n\t\t\t\t\t\t<div class=\"elementor-element elementor-element-6017fc5 elementor-invisible elementor-widget elementor-widget-image\" data-id=\"6017fc5\" data-element_type=\"widget\" data-settings=\"{&quot;_animation&quot;:&quot;zoomIn&quot;,&quot;_animation_delay&quot;:500}\" data-widget_type=\"image.default\">\n\t\t\t\t<div class=\"elementor-widget-container\">\n\t\t\t<style>\/*! elementor - v3.20.0 - 26-03-2024 *\/\n.elementor-widget-image{text-align:center}.elementor-widget-image a{display:inline-block}.elementor-widget-image a img[src$=\".svg\"]{width:48px}.elementor-widget-image img{vertical-align:middle;display:inline-block}<\/style>\t\t\t\t\t\t\t\t\t\t<img fetchpriority=\"high\" decoding=\"async\" width=\"1600\" height=\"1200\" src=\"https:\/\/levalet.be\/web\/wp-content\/uploads\/2024\/03\/le-valet-fromage-jeune.jpg\" class=\"attachment-full size-full wp-image-651\" alt=\"\" srcset=\"https:\/\/levalet.be\/web\/wp-content\/uploads\/2024\/03\/le-valet-fromage-jeune.jpg 1600w, https:\/\/levalet.be\/web\/wp-content\/uploads\/2024\/03\/le-valet-fromage-jeune-300x225.jpg 300w, https:\/\/levalet.be\/web\/wp-content\/uploads\/2024\/03\/le-valet-fromage-jeune-1024x768.jpg 1024w, https:\/\/levalet.be\/web\/wp-content\/uploads\/2024\/03\/le-valet-fromage-jeune-768x576.jpg 768w, https:\/\/levalet.be\/web\/wp-content\/uploads\/2024\/03\/le-valet-fromage-jeune-1536x1152.jpg 1536w, https:\/\/levalet.be\/web\/wp-content\/uploads\/2024\/03\/le-valet-fromage-jeune-800x600.jpg 800w, https:\/\/levalet.be\/web\/wp-content\/uploads\/2024\/03\/le-valet-fromage-jeune-700x525.jpg 700w, https:\/\/levalet.be\/web\/wp-content\/uploads\/2024\/03\/le-valet-fromage-jeune-1100x825.jpg 1100w\" sizes=\"(max-width: 1600px) 100vw, 1600px\" \/>\t\t\t\t\t\t\t\t\t\t\t\t\t<\/div>\n\t\t\t\t<\/div>\n\t\t\t\t<div class=\"elementor-element elementor-element-33468f8 elementor-widget elementor-widget-heading\" data-id=\"33468f8\" data-element_type=\"widget\" data-widget_type=\"heading.default\">\n\t\t\t\t<div class=\"elementor-widget-container\">\n\t\t\t<h3 class=\"elementor-heading-title elementor-size-default\">Le Val\u00e8t jeune\n\n<\/h3>\t\t<\/div>\n\t\t\t\t<\/div>\n\t\t\t\t<div class=\"elementor-element elementor-element-d2bf79a elementor-widget elementor-widget-text-editor\" data-id=\"d2bf79a\" data-element_type=\"widget\" data-widget_type=\"text-editor.default\">\n\t\t\t\t<div class=\"elementor-widget-container\">\n\t\t\t<style>\/*! elementor - v3.20.0 - 26-03-2024 *\/\n.elementor-widget-text-editor.elementor-drop-cap-view-stacked .elementor-drop-cap{background-color:#69727d;color:#fff}.elementor-widget-text-editor.elementor-drop-cap-view-framed .elementor-drop-cap{color:#69727d;border:3px solid;background-color:transparent}.elementor-widget-text-editor:not(.elementor-drop-cap-view-default) .elementor-drop-cap{margin-top:8px}.elementor-widget-text-editor:not(.elementor-drop-cap-view-default) .elementor-drop-cap-letter{width:1em;height:1em}.elementor-widget-text-editor .elementor-drop-cap{float:left;text-align:center;line-height:1;font-size:50px}.elementor-widget-text-editor .elementor-drop-cap-letter{display:inline-block}<\/style>\t\t\t\t<p>Gewicht: +-3kg<\/p><p>Reifung: 2-6 Monate<\/p><p>\u00a0<\/p><p>Ein Halbhartk\u00e4se mit rundem, mildem Geschmack und subtilem Abgang. Er bleibt beim Schmelzen homogen und eignet sich sehr gut f\u00fcr Raclette oder Fondue. Er kann auch roh gegessen werden und passt gut zu frischem Obst, N\u00fcssen oder Brot.<\/p>\t\t\t\t\t\t<\/div>\n\t\t\t\t<\/div>\n\t\t\t\t\t<\/div>\n\t\t<\/div>\n\t\t\t\t<div class=\"elementor-column elementor-col-25 elementor-top-column elementor-element elementor-element-43a11f4\" data-id=\"43a11f4\" data-element_type=\"column\">\n\t\t\t<div class=\"elementor-widget-wrap elementor-element-populated\">\n\t\t\t\t\t\t<div class=\"elementor-element elementor-element-e743928 elementor-invisible elementor-widget elementor-widget-image\" data-id=\"e743928\" data-element_type=\"widget\" data-settings=\"{&quot;_animation&quot;:&quot;zoomIn&quot;,&quot;_animation_delay&quot;:500}\" data-widget_type=\"image.default\">\n\t\t\t\t<div class=\"elementor-widget-container\">\n\t\t\t\t\t\t\t\t\t\t\t\t\t<img decoding=\"async\" width=\"1600\" height=\"1200\" src=\"https:\/\/levalet.be\/web\/wp-content\/uploads\/2024\/03\/le-valet-fromage-affine.jpg\" class=\"attachment-full size-full wp-image-653\" alt=\"\" srcset=\"https:\/\/levalet.be\/web\/wp-content\/uploads\/2024\/03\/le-valet-fromage-affine.jpg 1600w, https:\/\/levalet.be\/web\/wp-content\/uploads\/2024\/03\/le-valet-fromage-affine-300x225.jpg 300w, https:\/\/levalet.be\/web\/wp-content\/uploads\/2024\/03\/le-valet-fromage-affine-1024x768.jpg 1024w, https:\/\/levalet.be\/web\/wp-content\/uploads\/2024\/03\/le-valet-fromage-affine-768x576.jpg 768w, https:\/\/levalet.be\/web\/wp-content\/uploads\/2024\/03\/le-valet-fromage-affine-1536x1152.jpg 1536w, https:\/\/levalet.be\/web\/wp-content\/uploads\/2024\/03\/le-valet-fromage-affine-800x600.jpg 800w, https:\/\/levalet.be\/web\/wp-content\/uploads\/2024\/03\/le-valet-fromage-affine-700x525.jpg 700w, https:\/\/levalet.be\/web\/wp-content\/uploads\/2024\/03\/le-valet-fromage-affine-1100x825.jpg 1100w\" sizes=\"(max-width: 1600px) 100vw, 1600px\" \/>\t\t\t\t\t\t\t\t\t\t\t\t\t<\/div>\n\t\t\t\t<\/div>\n\t\t\t\t<div class=\"elementor-element elementor-element-f575a23 elementor-widget elementor-widget-heading\" data-id=\"f575a23\" data-element_type=\"widget\" data-widget_type=\"heading.default\">\n\t\t\t\t<div class=\"elementor-widget-container\">\n\t\t\t<h3 class=\"elementor-heading-title elementor-size-default\">Le Val\u00e8t affin\u00e9\n<\/h3>\t\t<\/div>\n\t\t\t\t<\/div>\n\t\t\t\t<div class=\"elementor-element elementor-element-8ee58d4 elementor-widget elementor-widget-text-editor\" data-id=\"8ee58d4\" data-element_type=\"widget\" data-widget_type=\"text-editor.default\">\n\t\t\t\t<div class=\"elementor-widget-container\">\n\t\t\t\t\t\t\t<p>Gewicht: +-4kg<\/p><p>Reifung: +6 Monate<\/p><p>\u00a0<\/p><p>Ein milder, leicht fruchtiger Hartk\u00e4se mit glatter und schmelzender Textur. Er kann in einer Vielzahl von Gerichten verwendet oder allein genossen werden, als K\u00e4seplatte oder in Kombination mit anderen Zutaten. Er wird gerne in gratinierten Gerichten oder gerieben \u00fcber Pasta verarbeitet.<\/p>\t\t\t\t\t\t<\/div>\n\t\t\t\t<\/div>\n\t\t\t\t\t<\/div>\n\t\t<\/div>\n\t\t\t\t<div class=\"elementor-column elementor-col-25 elementor-top-column elementor-element elementor-element-74360e7\" data-id=\"74360e7\" data-element_type=\"column\">\n\t\t\t<div class=\"elementor-widget-wrap elementor-element-populated\">\n\t\t\t\t\t\t<div class=\"elementor-element elementor-element-e2818b7 elementor-widget__width-initial elementor-invisible elementor-widget elementor-widget-image\" data-id=\"e2818b7\" data-element_type=\"widget\" data-settings=\"{&quot;_animation&quot;:&quot;zoomIn&quot;,&quot;_animation_delay&quot;:500}\" data-widget_type=\"image.default\">\n\t\t\t\t<div class=\"elementor-widget-container\">\n\t\t\t\t\t\t\t\t\t\t\t\t\t<img decoding=\"async\" width=\"1000\" height=\"667\" src=\"https:\/\/levalet.be\/web\/wp-content\/uploads\/2025\/10\/Gohltaler_JulienClaessenBRF-16-1000x667-1.jpg\" class=\"attachment-full size-full wp-image-1230\" alt=\"\" srcset=\"https:\/\/levalet.be\/web\/wp-content\/uploads\/2025\/10\/Gohltaler_JulienClaessenBRF-16-1000x667-1.jpg 1000w, https:\/\/levalet.be\/web\/wp-content\/uploads\/2025\/10\/Gohltaler_JulienClaessenBRF-16-1000x667-1-300x200.jpg 300w, https:\/\/levalet.be\/web\/wp-content\/uploads\/2025\/10\/Gohltaler_JulienClaessenBRF-16-1000x667-1-768x512.jpg 768w, https:\/\/levalet.be\/web\/wp-content\/uploads\/2025\/10\/Gohltaler_JulienClaessenBRF-16-1000x667-1-700x467.jpg 700w\" sizes=\"(max-width: 1000px) 100vw, 1000px\" \/>\t\t\t\t\t\t\t\t\t\t\t\t\t<\/div>\n\t\t\t\t<\/div>\n\t\t\t\t<div class=\"elementor-element elementor-element-30a2beb elementor-widget elementor-widget-heading\" data-id=\"30a2beb\" data-element_type=\"widget\" data-widget_type=\"heading.default\">\n\t\t\t\t<div class=\"elementor-widget-container\">\n\t\t\t<h3 class=\"elementor-heading-title elementor-size-default\"><br>G\u00f6hltaler<\/h3>\t\t<\/div>\n\t\t\t\t<\/div>\n\t\t\t\t<div class=\"elementor-element elementor-element-1125273 elementor-widget elementor-widget-text-editor\" data-id=\"1125273\" data-element_type=\"widget\" data-widget_type=\"text-editor.default\">\n\t\t\t\t<div class=\"elementor-widget-container\">\n\t\t\t\t\t\t\t<p>Gewicht: +-2kg<\/p><p>Reifung: 2-4 Monate<\/p><p>\u00a0<\/p><p>Ein Halbhartk\u00e4se etwas leichter als der Val\u00e8t jeune, nach dem original Rezept von Tobias Boffenrath. Sehr gut f\u00fcr Raclette oder Fondue. Er kann auch roh gegessen werden und passt gut zu frischem Obst, N\u00fcssen oder Brot. Verf\u00fcgbar in den Verkaufsstellen mit einem *<\/p>\t\t\t\t\t\t<\/div>\n\t\t\t\t<\/div>\n\t\t\t\t\t<\/div>\n\t\t<\/div>\n\t\t\t\t<div class=\"elementor-column elementor-col-25 elementor-top-column elementor-element elementor-element-bc0c359\" data-id=\"bc0c359\" data-element_type=\"column\">\n\t\t\t<div class=\"elementor-widget-wrap elementor-element-populated\">\n\t\t\t\t\t\t<div class=\"elementor-element elementor-element-0f127a1 elementor-widget elementor-widget-spacer\" data-id=\"0f127a1\" data-element_type=\"widget\" data-widget_type=\"spacer.default\">\n\t\t\t\t<div class=\"elementor-widget-container\">\n\t\t\t<style>\/*! elementor - v3.20.0 - 26-03-2024 *\/\n.elementor-column .elementor-spacer-inner{height:var(--spacer-size)}.e-con{--container-widget-width:100%}.e-con-inner>.elementor-widget-spacer,.e-con>.elementor-widget-spacer{width:var(--container-widget-width,var(--spacer-size));--align-self:var(--container-widget-align-self,initial);--flex-shrink:0}.e-con-inner>.elementor-widget-spacer>.elementor-widget-container,.e-con>.elementor-widget-spacer>.elementor-widget-container{height:100%;width:100%}.e-con-inner>.elementor-widget-spacer>.elementor-widget-container>.elementor-spacer,.e-con>.elementor-widget-spacer>.elementor-widget-container>.elementor-spacer{height:100%}.e-con-inner>.elementor-widget-spacer>.elementor-widget-container>.elementor-spacer>.elementor-spacer-inner,.e-con>.elementor-widget-spacer>.elementor-widget-container>.elementor-spacer>.elementor-spacer-inner{height:var(--container-widget-height,var(--spacer-size))}.e-con-inner>.elementor-widget-spacer.elementor-widget-empty,.e-con>.elementor-widget-spacer.elementor-widget-empty{position:relative;min-height:22px;min-width:22px}.e-con-inner>.elementor-widget-spacer.elementor-widget-empty .elementor-widget-empty-icon,.e-con>.elementor-widget-spacer.elementor-widget-empty .elementor-widget-empty-icon{position:absolute;top:0;bottom:0;left:0;right:0;margin:auto;padding:0;width:22px;height:22px}<\/style>\t\t<div class=\"elementor-spacer\">\n\t\t\t<div class=\"elementor-spacer-inner\"><\/div>\n\t\t<\/div>\n\t\t\t\t<\/div>\n\t\t\t\t<\/div>\n\t\t\t\t\t<\/div>\n\t\t<\/div>\n\t\t\t\t\t<\/div>\n\t\t<\/section>\n\t\t\t\t<section class=\"elementor-section elementor-top-section elementor-element elementor-element-e2520c7 elementor-section-boxed elementor-section-height-default elementor-section-height-default parallax_section_no qode_elementor_container_no qode-content-aligment-left\" data-id=\"e2520c7\" data-element_type=\"section\">\n\t\t\t\t\t\t<div class=\"elementor-container elementor-column-gap-default\">\n\t\t\t\t\t<div class=\"elementor-column elementor-col-100 elementor-top-column elementor-element elementor-element-b3bf041\" data-id=\"b3bf041\" data-element_type=\"column\">\n\t\t\t<div class=\"elementor-widget-wrap elementor-element-populated\">\n\t\t\t\t\t\t<div class=\"elementor-element elementor-element-ee2dc97 elementor-widget elementor-widget-heading\" data-id=\"ee2dc97\" data-element_type=\"widget\" data-widget_type=\"heading.default\">\n\t\t\t\t<div class=\"elementor-widget-container\">\n\t\t\t<h2 class=\"elementor-heading-title elementor-size-default\">Die <i>Spezialit\u00e4ten<\/i>\n\n<\/h2>\t\t<\/div>\n\t\t\t\t<\/div>\n\t\t\t\t\t<\/div>\n\t\t<\/div>\n\t\t\t\t\t<\/div>\n\t\t<\/section>\n\t\t\t\t<section class=\"elementor-section elementor-top-section elementor-element elementor-element-617612f elementor-section-boxed elementor-section-height-default elementor-section-height-default parallax_section_no qode_elementor_container_no qode-content-aligment-left\" data-id=\"617612f\" data-element_type=\"section\">\n\t\t\t\t\t\t<div class=\"elementor-container elementor-column-gap-default\">\n\t\t\t\t\t<div class=\"elementor-column elementor-col-25 elementor-top-column elementor-element elementor-element-1f6e3b7\" data-id=\"1f6e3b7\" data-element_type=\"column\">\n\t\t\t<div class=\"elementor-widget-wrap elementor-element-populated\">\n\t\t\t\t\t\t<div class=\"elementor-element elementor-element-5c61fc4 elementor-invisible elementor-widget elementor-widget-image\" data-id=\"5c61fc4\" data-element_type=\"widget\" data-settings=\"{&quot;_animation&quot;:&quot;zoomIn&quot;,&quot;_animation_delay&quot;:500}\" data-widget_type=\"image.default\">\n\t\t\t\t<div class=\"elementor-widget-container\">\n\t\t\t\t\t\t\t\t\t\t\t\t\t<img loading=\"lazy\" decoding=\"async\" width=\"1200\" height=\"1600\" src=\"https:\/\/levalet.be\/web\/wp-content\/uploads\/2024\/03\/le-valet-fromage-biere.jpg\" class=\"attachment-full size-full wp-image-655\" alt=\"\" srcset=\"https:\/\/levalet.be\/web\/wp-content\/uploads\/2024\/03\/le-valet-fromage-biere.jpg 1200w, https:\/\/levalet.be\/web\/wp-content\/uploads\/2024\/03\/le-valet-fromage-biere-225x300.jpg 225w, https:\/\/levalet.be\/web\/wp-content\/uploads\/2024\/03\/le-valet-fromage-biere-768x1024.jpg 768w, https:\/\/levalet.be\/web\/wp-content\/uploads\/2024\/03\/le-valet-fromage-biere-1152x1536.jpg 1152w, https:\/\/levalet.be\/web\/wp-content\/uploads\/2024\/03\/le-valet-fromage-biere-600x800.jpg 600w, https:\/\/levalet.be\/web\/wp-content\/uploads\/2024\/03\/le-valet-fromage-biere-700x933.jpg 700w, https:\/\/levalet.be\/web\/wp-content\/uploads\/2024\/03\/le-valet-fromage-biere-1100x1467.jpg 1100w\" sizes=\"(max-width: 1200px) 100vw, 1200px\" \/>\t\t\t\t\t\t\t\t\t\t\t\t\t<\/div>\n\t\t\t\t<\/div>\n\t\t\t\t<div class=\"elementor-element elementor-element-eff9880 elementor-align-right elementor-widget elementor-widget-button\" data-id=\"eff9880\" data-element_type=\"widget\" data-widget_type=\"button.default\">\n\t\t\t\t<div class=\"elementor-widget-container\">\n\t\t\t\t\t<div class=\"elementor-button-wrapper\">\n\t\t\t<a class=\"elementor-button elementor-button-link elementor-size-sm\" href=\"#\">\n\t\t\t\t\t\t<span class=\"elementor-button-content-wrapper\">\n\t\t\t\t\t\t<span class=\"elementor-button-text\">\"auf Ma\u00df\"<\/span>\n\t\t<\/span>\n\t\t\t\t\t<\/a>\n\t\t<\/div>\n\t\t\t\t<\/div>\n\t\t\t\t<\/div>\n\t\t\t\t<div class=\"elementor-element elementor-element-d02718c elementor-widget elementor-widget-heading\" data-id=\"d02718c\" data-element_type=\"widget\" data-widget_type=\"heading.default\">\n\t\t\t\t<div class=\"elementor-widget-container\">\n\t\t\t<h3 class=\"elementor-heading-title elementor-size-default\">Le Val\u00e8t \u00abauf Ma\u00df\u00bb\n<\/h3>\t\t<\/div>\n\t\t\t\t<\/div>\n\t\t\t\t<div class=\"elementor-element elementor-element-fa4cee4 elementor-widget elementor-widget-text-editor\" data-id=\"fa4cee4\" data-element_type=\"widget\" data-widget_type=\"text-editor.default\">\n\t\t\t\t<div class=\"elementor-widget-container\">\n\t\t\t\t\t\t\t<p>Gewicht: +-3kg<\/p><p>Reifung: 2-6 Monate<\/p><p>\u00a0<\/p><p>Individuell gereifter junger Val\u00e8t. Sie w\u00e4hlen das Bier oder den Wein aus, wir k\u00fcmmern uns um die Reifung. Geschmacksintensit\u00e4t, Textur und Kruste. Derzeit erh\u00e4ltlich bei Catherine, im March\u00e9 des Tanneurs, La Cr\u00e9merie Saint-Simeon, der Ferme Reumont und La Trouvaille.<\/p><p>\u00a0<\/p><p><strong>Z\u00f6gern Sie nicht uns f\u00fcr individuelle Reifungen zu kontaktieren.<\/strong><\/p>\t\t\t\t\t\t<\/div>\n\t\t\t\t<\/div>\n\t\t\t\t\t<\/div>\n\t\t<\/div>\n\t\t\t\t<div class=\"elementor-column elementor-col-25 elementor-top-column elementor-element elementor-element-3179940\" data-id=\"3179940\" data-element_type=\"column\">\n\t\t\t<div class=\"elementor-widget-wrap elementor-element-populated\">\n\t\t\t\t\t\t<div class=\"elementor-element elementor-element-4a10d34 elementor-invisible elementor-widget elementor-widget-image\" data-id=\"4a10d34\" data-element_type=\"widget\" data-settings=\"{&quot;_animation&quot;:&quot;zoomIn&quot;,&quot;_animation_delay&quot;:500}\" data-widget_type=\"image.default\">\n\t\t\t\t<div class=\"elementor-widget-container\">\n\t\t\t\t\t\t\t\t\t\t\t\t\t<img loading=\"lazy\" decoding=\"async\" width=\"419\" height=\"428\" src=\"https:\/\/levalet.be\/web\/wp-content\/uploads\/2024\/06\/Capture-decran-2024-06-10-192232-1.png\" class=\"attachment-full size-full wp-image-1140\" alt=\"\" srcset=\"https:\/\/levalet.be\/web\/wp-content\/uploads\/2024\/06\/Capture-decran-2024-06-10-192232-1.png 419w, https:\/\/levalet.be\/web\/wp-content\/uploads\/2024\/06\/Capture-decran-2024-06-10-192232-1-294x300.png 294w\" sizes=\"(max-width: 419px) 100vw, 419px\" \/>\t\t\t\t\t\t\t\t\t\t\t\t\t<\/div>\n\t\t\t\t<\/div>\n\t\t\t\t<div class=\"elementor-element elementor-element-27207bc elementor-widget elementor-widget-heading\" data-id=\"27207bc\" data-element_type=\"widget\" data-widget_type=\"heading.default\">\n\t\t\t\t<div class=\"elementor-widget-container\">\n\t\t\t<h3 class=\"elementor-heading-title elementor-size-default\">Le Cantill\u00e8t\n<\/h3>\t\t<\/div>\n\t\t\t\t<\/div>\n\t\t\t\t<div class=\"elementor-element elementor-element-3aff01b elementor-widget elementor-widget-text-editor\" data-id=\"3aff01b\" data-element_type=\"widget\" data-widget_type=\"text-editor.default\">\n\t\t\t\t<div class=\"elementor-widget-container\">\n\t\t\t\t\t\t\t<p>Gewicht: 500-700g<\/p><p>Reifezeit: +6 Wochen<\/p><p>\u00a0<\/p><p>Ein Halbhartk\u00e4se bei dem Lambic der Brauerei Cantillon hinzugef\u00fcgt wird, am besten mit einem der Biere der Brauerei zu genie\u00dfen. Exklusiv in der Brauerei, La Fruiti\u00e8re, Chez Ma\u00eetre Corbeau und direkt in der K\u00e4serei erh\u00e4ltlich.<\/p>\t\t\t\t\t\t<\/div>\n\t\t\t\t<\/div>\n\t\t\t\t\t<\/div>\n\t\t<\/div>\n\t\t\t\t<div class=\"elementor-column elementor-col-25 elementor-top-column elementor-element elementor-element-645acff\" data-id=\"645acff\" data-element_type=\"column\">\n\t\t\t<div class=\"elementor-widget-wrap\">\n\t\t\t\t\t\t\t<\/div>\n\t\t<\/div>\n\t\t\t\t<div class=\"elementor-column elementor-col-25 elementor-top-column elementor-element elementor-element-8df1119\" data-id=\"8df1119\" data-element_type=\"column\">\n\t\t\t<div class=\"elementor-widget-wrap\">\n\t\t\t\t\t\t\t<\/div>\n\t\t<\/div>\n\t\t\t\t\t<\/div>\n\t\t<\/section>\n\t\t\t\t<\/div>\n\t\t","protected":false},"excerpt":{"rendered":"<p>Wir verarbeiten vor allem rohe Kuhmilch zu Halbhart- und Hartk\u00e4se. Der K\u00e4se ist je nach Jahreszeit und Verf\u00fcgbarkeit in verschiedenen Reifegraden erh\u00e4ltlich. Gepflegt in unserem Natursteinkeller, lassen sie sich von unserer Kreativit\u00e4t verf\u00fchren! Le Val\u00e8t jeune Gewicht: +-3kg Reifung: 2-6 Monate \u00a0 Ein Halbhartk\u00e4se mit&#8230;<\/p>\n","protected":false},"author":1,"featured_media":0,"parent":0,"menu_order":0,"comment_status":"closed","ping_status":"closed","template":"full_width.php","meta":{"footnotes":""},"_links":{"self":[{"href":"https:\/\/levalet.be\/de\/wp-json\/wp\/v2\/pages\/646"}],"collection":[{"href":"https:\/\/levalet.be\/de\/wp-json\/wp\/v2\/pages"}],"about":[{"href":"https:\/\/levalet.be\/de\/wp-json\/wp\/v2\/types\/page"}],"author":[{"embeddable":true,"href":"https:\/\/levalet.be\/de\/wp-json\/wp\/v2\/users\/1"}],"replies":[{"embeddable":true,"href":"https:\/\/levalet.be\/de\/wp-json\/wp\/v2\/comments?post=646"}],"version-history":[{"count":55,"href":"https:\/\/levalet.be\/de\/wp-json\/wp\/v2\/pages\/646\/revisions"}],"predecessor-version":[{"id":1242,"href":"https:\/\/levalet.be\/de\/wp-json\/wp\/v2\/pages\/646\/revisions\/1242"}],"wp:attachment":[{"href":"https:\/\/levalet.be\/de\/wp-json\/wp\/v2\/media?parent=646"}],"curies":[{"name":"wp","href":"https:\/\/api.w.org\/{rel}","templated":true}]}}